{"id":1773,"date":"2024-04-18T13:30:10","date_gmt":"2024-04-18T11:30:10","guid":{"rendered":"https:\/\/www.wuennenberg-bueren.de\/zweckverband\/?page_id=1773"},"modified":"2024-04-18T14:12:03","modified_gmt":"2024-04-18T12:12:03","slug":"kulinarisches-fruhstuck-in-amp-aus-dem-wurzgarten","status":"publish","type":"page","link":"https:\/\/www.wuennenberg-bueren.de\/zweckverband\/kulinarisches-fruhstuck-in-amp-aus-dem-wurzgarten\/","title":{"rendered":"Kulinarisches Fr\u00fchst\u00fcck in &amp; aus dem Wurzgarten"},"content":{"rendered":"\n<p>Die Fl\u00fcchtlingsinitiative \u201eB\u00fcren ist Bunt\u201c l\u00e4dt ab 11 Uhr zu einem internationalen Fr\u00fchst\u00fccksbuffet ein. Dort bietet sich die Gelegenheit f\u00fcr einen gemeinsamen Austausch und \u201eg\u00e4rtnerisches Fachsimpeln\u201c.<\/p>\n\n\n\n<p><\/p>\n\n\n\n<div style=\"height:40px\" aria-hidden=\"true\" class=\"wp-block-spacer\"><\/div>\n\n\n\n<div class=\"wp-block-media-text has-media-on-the-right is-stacked-on-mobile\" style=\"grid-template-columns:auto 15%\"><div class=\"wp-block-media-text__content\">\n<p class=\"has-text-align-right\"><em><a href=\"https:\/\/www.bueren.de\/de\/leben\/soziales\/fluechtlingshilfe.php\" target=\"_blank\" rel=\"noreferrer noopener\">von der Fl\u00fcchtlingsinitiative \u201eB\u00fcren ist bunt\u201c<\/a><\/em><\/p>\n<\/div><figure class=\"wp-block-media-text__media\"><img loading=\"lazy\" decoding=\"async\" width=\"533\" height=\"532\" src=\"https:\/\/www.wuennenberg-bueren.de\/zweckverband\/wp-content\/uploads\/2024\/04\/geralt.jpg\" alt=\"\" class=\"wp-image-1778 size-full\" srcset=\"https:\/\/www.wuennenberg-bueren.de\/zweckverband\/wp-content\/uploads\/2024\/04\/geralt.jpg 533w, https:\/\/www.wuennenberg-bueren.de\/zweckverband\/wp-content\/uploads\/2024\/04\/geralt-300x300.jpg 300w, https:\/\/www.wuennenberg-bueren.de\/zweckverband\/wp-content\/uploads\/2024\/04\/geralt-150x150.jpg 150w\" sizes=\"auto, (max-width: 533px) 100vw, 533px\" \/><\/figure><\/div>\n\n\n\n<div style=\"height:40px\" aria-hidden=\"true\" class=\"wp-block-spacer\"><\/div>\n\n\n\n<p><mark style=\"background-color:#98bf64\" class=\"has-inline-color has-white-color\">Sonntag, den 09. Juni \u2013 \u00d6ffnung 11:00 \u2013 18:00 Uhr<\/mark><\/p>\n\n\n\n<p>11:00 \u2013 13:00 Uhr \u2013 Kulinarisches Fr\u00fchst\u00fcck in &amp; aus dem Wurzgarten<\/p>\n\n\n\n<div style=\"height:39px\" aria-hidden=\"true\" class=\"wp-block-spacer\"><\/div>\n\n\n\n<p><\/p>\n\n\n\n<figure class=\"wp-block-image size-large\"><img loading=\"lazy\" decoding=\"async\" width=\"1024\" height=\"731\" src=\"https:\/\/www.wuennenberg-bueren.de\/zweckverband\/wp-content\/uploads\/2024\/04\/Foto-Rabe-1024x731.jpg\" alt=\"\" class=\"wp-image-1779\" srcset=\"https:\/\/www.wuennenberg-bueren.de\/zweckverband\/wp-content\/uploads\/2024\/04\/Foto-Rabe-1024x731.jpg 1024w, https:\/\/www.wuennenberg-bueren.de\/zweckverband\/wp-content\/uploads\/2024\/04\/Foto-Rabe-300x214.jpg 300w, https:\/\/www.wuennenberg-bueren.de\/zweckverband\/wp-content\/uploads\/2024\/04\/Foto-Rabe-768x548.jpg 768w, https:\/\/www.wuennenberg-bueren.de\/zweckverband\/wp-content\/uploads\/2024\/04\/Foto-Rabe.jpg 1280w\" sizes=\"auto, (max-width: 1024px) 100vw, 1024px\" \/><\/figure>\n\n\n\n<div style=\"height:58px\" aria-hidden=\"true\" class=\"wp-block-spacer\"><\/div>\n","protected":false},"excerpt":{"rendered":"<p>Die Fl\u00fcchtlingsinitiative \u201eB\u00fcren ist Bunt\u201c l\u00e4dt ab 11 Uhr zu einem internationalen Fr\u00fchst\u00fccksbuffet ein. Dort bietet sich die Gelegenheit f\u00fcr einen gemeinsamen Austausch und \u201eg\u00e4rtnerisches Fachsimpeln\u201c. von der Fl\u00fcchtlingsinitiative \u201eB\u00fcren ist bunt\u201c Sonntag, den 09. Juni \u2013 \u00d6ffnung 11:00 \u2013 18:00 Uhr 11:00 \u2013 13:00 Uhr \u2013 Kulinarisches Fr\u00fchst\u00fcck in [&hellip;]<\/p>\n","protected":false},"author":2,"featured_media":1779,"parent":0,"menu_order":0,"comment_status":"closed","ping_status":"closed","template":"","meta":{"footnotes":""},"class_list":["post-1773","page","type-page","status-publish","has-post-thumbnail","hentry"],"_links":{"self":[{"href":"https:\/\/www.wuennenberg-bueren.de\/zweckverband\/wp-json\/wp\/v2\/pages\/1773","targetHints":{"allow":["GET"]}}],"collection":[{"href":"https:\/\/www.wuennenberg-bueren.de\/zweckverband\/wp-json\/wp\/v2\/pages"}],"about":[{"href":"https:\/\/www.wuennenberg-bueren.de\/zweckverband\/wp-json\/wp\/v2\/types\/page"}],"author":[{"embeddable":true,"href":"https:\/\/www.wuennenberg-bueren.de\/zweckverband\/wp-json\/wp\/v2\/users\/2"}],"replies":[{"embeddable":true,"href":"https:\/\/www.wuennenberg-bueren.de\/zweckverband\/wp-json\/wp\/v2\/comments?post=1773"}],"version-history":[{"count":2,"href":"https:\/\/www.wuennenberg-bueren.de\/zweckverband\/wp-json\/wp\/v2\/pages\/1773\/revisions"}],"predecessor-version":[{"id":1806,"href":"https:\/\/www.wuennenberg-bueren.de\/zweckverband\/wp-json\/wp\/v2\/pages\/1773\/revisions\/1806"}],"wp:featuredmedia":[{"embeddable":true,"href":"https:\/\/www.wuennenberg-bueren.de\/zweckverband\/wp-json\/wp\/v2\/media\/1779"}],"wp:attachment":[{"href":"https:\/\/www.wuennenberg-bueren.de\/zweckverband\/wp-json\/wp\/v2\/media?parent=1773"}],"curies":[{"name":"wp","href":"https:\/\/api.w.org\/{rel}","templated":true}]}}